{"id":193,"date":"2020-12-21T21:21:40","date_gmt":"2020-12-21T21:21:40","guid":{"rendered":"https:\/\/www.festi-courts-cote-bleue.fr\/?page_id=193"},"modified":"2021-04-27T19:31:46","modified_gmt":"2021-04-27T19:31:46","slug":"festival-2010","status":"publish","type":"page","link":"https:\/\/www.festi-courts-cote-bleue.fr\/?page_id=193","title":{"rendered":"Palmar\u00e8s 2010"},"content":{"rendered":"\n<p class=\"has-text-align-center has-vivid-red-color has-text-color has-medium-font-size\"><strong>GRAND PRIX 2010<\/strong><\/p>\n\n\n\n<p class=\"has-text-align-center has-normal-font-size\">D\u00e9cern\u00e9 \u00e0 <strong>Bastien SIMON<\/strong>, 22 ans<br>R\u00e9alisateur de :<\/p>\n\n\n\n<p class=\"has-text-align-center has-vivid-cyan-blue-color has-text-color has-medium-font-size\"><strong>\u00ab\u00a0on n&rsquo;est pas n\u00e9 sous l&rsquo;coton\u00a0\u00bb<\/strong><\/p>\n\n\n\n<p class=\"has-text-align-center\" style=\"font-size:12px\"><em>Offert par la municipalit\u00e9 de Carry-le-Rouet<\/em><\/p>\n\n\n\n<hr class=\"wp-block-separator aligncenter has-text-color has-background has-pale-cyan-blue-background-color has-pale-cyan-blue-color\"\/>\n\n\n\n<p class=\"has-text-align-center has-vivid-red-color has-text-color\">PRIX DU JURY<\/p>\n\n\n\n<p class=\"has-text-align-center\">D\u00e9cern\u00e9 \u00e0 <strong>Ricky RIJNEKE<\/strong>, 28 ans<br>R\u00e9alisatrice &nbsp;de :<\/p>\n\n\n\n<p class=\"has-text-align-center has-vivid-cyan-blue-color has-text-color has-medium-font-size\"><strong>\u00ab\u00a0wing, the fish that talked back\u00a0\u00bb<\/strong><\/p>\n\n\n\n<p class=\"has-text-align-center\" style=\"font-size:12px\"><em>Offert par la municipalit\u00e9 de Ch\u00e2teauneuf-les-Martigues<\/em><\/p>\n\n\n\n<hr class=\"wp-block-separator aligncenter has-text-color has-background has-pale-cyan-blue-background-color has-pale-cyan-blue-color\"\/>\n\n\n\n<p class=\"has-text-align-center has-vivid-red-color has-text-color\">PRIX DU JURY JEUNE<\/p>\n\n\n\n<p class=\"has-text-align-center\">D\u00e9cern\u00e9 \u00e0 Sophie GALIBERT, 25 ans<br>R\u00e9alisatrice de :<\/p>\n\n\n\n<p class=\"has-text-align-center has-vivid-cyan-blue-color has-text-color has-medium-font-size\"><strong>\u00ab\u00a0icecream\u00a0\u00bb<\/strong><\/p>\n\n\n\n<p class=\"has-text-align-center\" style=\"font-size:12px\"><em>Offert par la municipalit\u00e9\u00a0 du Rove<\/em><\/p>\n\n\n\n<hr class=\"wp-block-separator aligncenter has-text-color has-background has-pale-cyan-blue-background-color has-pale-cyan-blue-color is-style-default\"\/>\n\n\n\n<p class=\"has-text-align-center has-vivid-red-color has-text-color\">PRIX DE L&rsquo;AVENIR<\/p>\n\n\n\n<p class=\"has-text-align-center\">D\u00e9cern\u00e9 \u00e0 C\u00e9cile DAVIDOVICI, 22 ans<br>R\u00e9alisatrice de :<\/p>\n\n\n\n<p class=\"has-text-align-center has-vivid-cyan-blue-color has-text-color has-medium-font-size\"><strong>\u00ab\u00a0l&rsquo;ascenseur\u00a0\u00bb<\/strong><\/p>\n\n\n\n<p class=\"has-text-align-center\" style=\"font-size:12px\"><em>Offert par le Lions Club C\u00f4te Bleue<\/em><\/p>\n\n\n\n<hr class=\"wp-block-separator aligncenter has-text-color has-background has-pale-cyan-blue-background-color has-pale-cyan-blue-color is-style-default\"\/>\n\n\n\n<p class=\"has-text-align-center has-vivid-red-color has-text-color\">PRIX VOTE DU PUBLIC<\/p>\n\n\n\n<p class=\"has-text-align-center\">D\u00e9cern\u00e9 \u00e0 : R\u00e9my CAETANO, 23 ans<br>R\u00e9alisateur de :<\/p>\n\n\n\n<p class=\"has-text-align-center has-vivid-cyan-blue-color has-text-color has-medium-font-size\"><strong>\u00ab\u00a0un dimanche apr\u00e8s-midi\u00a0\u00bb<\/strong><\/p>\n\n\n\n<p class=\"has-text-align-center\" style=\"font-size:12px\"><em>Offert par l\u2019association<\/em><\/p>\n\n\n\n<hr class=\"wp-block-separator aligncenter has-text-color has-background has-pale-cyan-blue-background-color has-pale-cyan-blue-color is-style-default\"\/>\n\n\n\n<p class=\"has-text-align-center has-vivid-red-color has-text-color\">MENTION SPECIALE DU JURY<\/p>\n\n\n\n<p class=\"has-text-align-center\">d\u00e9cern\u00e9e \u00e0 Fr\u00e9d\u00e9ric CHASE-SON, 25 ans <br>R\u00e9alisateur des :<\/p>\n\n\n\n<p class=\"has-text-align-center has-vivid-cyan-blue-color has-text-color has-medium-font-size\"><strong>\u00ab\u00a0promesses de l&rsquo;aube\u00a0\u00bb<\/strong><\/p>\n\n\n\n<hr class=\"wp-block-separator aligncenter has-text-color has-background has-pale-cyan-blue-background-color has-pale-cyan-blue-color is-style-default\"\/>\n\n\n\n<p class=\"has-text-align-center has-vivid-red-color has-text-color\">MENTION AVENIR<\/p>\n\n\n\n<p class=\"has-text-align-center\">d\u00e9cern\u00e9e \u00e0 Ludovic PIETTE, 28 ans<br>R\u00e9alisateur de :<\/p>\n\n\n\n<p class=\"has-text-align-center has-vivid-cyan-blue-color has-text-color has-medium-font-size\"><strong>\u00ab\u00a0ma premi\u00e8re toile\u00a0\u00bb<\/strong><\/p>\n\n\n\n<hr class=\"wp-block-separator aligncenter has-text-color has-background has-pale-cyan-blue-background-color has-pale-cyan-blue-color is-style-default\"\/>\n\n\n\n<p class=\"has-text-align-center has-vivid-red-color has-text-color\">MENTION AVENIR<\/p>\n\n\n\n<p class=\"has-text-align-center\">d\u00e9cern\u00e9e \u00e0 Yazgi GIRAY, 18 ans<br>R\u00e9alisatrice de :<\/p>\n\n\n\n<p class=\"has-text-align-center has-vivid-cyan-blue-color has-text-color has-medium-font-size\"><strong>\u00ab\u00a0m\u00e9tro underground\u00a0\u00bb<\/strong><\/p>\n","protected":false},"excerpt":{"rendered":"<p>GRAND PRIX 2010 D\u00e9cern\u00e9 \u00e0 Bastien SIMON, 22 ansR\u00e9alisateur de : \u00ab\u00a0on n&rsquo;est pas n\u00e9 sous l&rsquo;coton\u00a0\u00bb Offert par la<\/p>\n","protected":false},"author":1,"featured_media":0,"parent":0,"menu_order":0,"comment_status":"closed","ping_status":"closed","template":"","meta":{"colormag_page_container_layout":"default_layout","colormag_page_sidebar_layout":"default_layout","footnotes":""},"class_list":["post-193","page","type-page","status-publish","hentry"],"_links":{"self":[{"href":"https:\/\/www.festi-courts-cote-bleue.fr\/index.php?rest_route=\/wp\/v2\/pages\/193","targetHints":{"allow":["GET"]}}],"collection":[{"href":"https:\/\/www.festi-courts-cote-bleue.fr\/index.php?rest_route=\/wp\/v2\/pages"}],"about":[{"href":"https:\/\/www.festi-courts-cote-bleue.fr\/index.php?rest_route=\/wp\/v2\/types\/page"}],"author":[{"embeddable":true,"href":"https:\/\/www.festi-courts-cote-bleue.fr\/index.php?rest_route=\/wp\/v2\/users\/1"}],"replies":[{"embeddable":true,"href":"https:\/\/www.festi-courts-cote-bleue.fr\/index.php?rest_route=%2Fwp%2Fv2%2Fcomments&post=193"}],"version-history":[{"count":32,"href":"https:\/\/www.festi-courts-cote-bleue.fr\/index.php?rest_route=\/wp\/v2\/pages\/193\/revisions"}],"predecessor-version":[{"id":431,"href":"https:\/\/www.festi-courts-cote-bleue.fr\/index.php?rest_route=\/wp\/v2\/pages\/193\/revisions\/431"}],"wp:attachment":[{"href":"https:\/\/www.festi-courts-cote-bleue.fr\/index.php?rest_route=%2Fwp%2Fv2%2Fmedia&parent=193"}],"curies":[{"name":"wp","href":"https:\/\/api.w.org\/{rel}","templated":true}]}}