{"id":373,"date":"2021-04-19T12:47:44","date_gmt":"2021-04-19T12:47:44","guid":{"rendered":"https:\/\/www.festi-courts-cote-bleue.fr\/?page_id=373"},"modified":"2021-04-27T19:35:15","modified_gmt":"2021-04-27T19:35:15","slug":"palmares-2015-du-film-de-fiction","status":"publish","type":"page","link":"https:\/\/www.festi-courts-cote-bleue.fr\/?page_id=373","title":{"rendered":"Palmar\u00e8s 2015 du film de fiction"},"content":{"rendered":"\n<p class=\"has-text-align-center has-vivid-red-color has-text-color\"><strong><u>OURSIN D&rsquo;OR 2015<\/u><\/strong><\/p>\n\n\n\n<p class=\"has-text-align-center\">d\u00e9cern\u00e9 \u00e0 Wim <strong>GEUDENS <\/strong>et Thomas <strong>BAERTEN <\/strong>(Belgique)<br>r\u00e9alisateurs de <\/p>\n\n\n\n<p class=\"has-text-align-center has-vivid-purple-color has-text-color\"><a rel=\"noreferrer noopener\" href=\"https:\/\/www.imdb.com\/title\/tt4185194\/\" target=\"_blank\">\u00ab\u00a0<strong>DE SMET<\/strong>\u00ab\u00a0<\/a><\/p>\n\n\n\n<div class=\"wp-block-image is-style-default\"><figure class=\"aligncenter\"><a href=\"https:\/\/www.imdb.com\/title\/tt4185194\/\" target=\"_blank\" rel=\"noopener\"><img decoding=\"async\" src=\"https:\/\/m.media-amazon.com\/images\/M\/MV5BNjJkNGNiYTYtYmY0ZC00ZTUyLWFlZDYtZGEyZDU3NjM1ZjdlXkEyXkFqcGdeQXVyNTc0MjI1OTg@._V1_UY268_CR4,0,182,268_AL_.jpg\" alt=\"https:\/\/m.media-amazon.com\/images\/M\/MV5BNjJkNGNiYTYtYmY0ZC00ZTUyLWFlZDYtZGEyZDU3NjM1ZjdlXkEyXkFqcGdeQXVyNTc0MjI1OTg@._V1_UY268_CR4,0,182,268_AL_.jpg\"\/><\/a><\/figure><\/div>\n\n\n\n<p class=\"has-text-align-center\" style=\"font-size:12px\"><em>\u00a0 \u00a0Offert par la municipalit\u00e9 de Carry-le-Rouet<\/em><\/p>\n\n\n\n<hr class=\"wp-block-separator aligncenter has-text-color has-background has-vivid-cyan-blue-background-color has-vivid-cyan-blue-color is-style-default\"\/>\n\n\n\n<p class=\"has-text-align-center has-vivid-red-color has-text-color\"><strong><u>Prix du Jury<\/u><\/strong><\/p>\n\n\n\n<p class=\"has-text-align-center\">&nbsp;&nbsp;&nbsp;&nbsp;&nbsp;&nbsp; d\u00e9cern\u00e9 \u00e0 Ma\u00efmouna <strong>DOUCOUR\u00c9<\/strong> (France)<br>&nbsp;r\u00e9alisatrice de <\/p>\n\n\n\n<p class=\"has-text-align-center has-vivid-purple-color has-text-color\"><a href=\"https:\/\/www.imdb.com\/title\/tt4775726\/\" target=\"_blank\" rel=\"noreferrer noopener\">\u00ab\u00a0<strong>MAMAN(S)<\/strong>\u00ab\u00a0<\/a><\/p>\n\n\n\n<div class=\"wp-block-image is-style-default\"><figure class=\"aligncenter\"><a href=\"https:\/\/www.imdb.com\/title\/tt4775726\/\" target=\"_blank\" rel=\"noopener\"><img decoding=\"async\" src=\"https:\/\/m.media-amazon.com\/images\/M\/MV5BYTk4N2FiOGMtODU2Zi00MTgzLWE1MmUtNjVjYTU3MjA0MjMxXkEyXkFqcGdeQXVyNjczNTYwNDU@._V1_UY268_CR1,0,182,268_AL_.jpg\" alt=\"Maman(s) Poster\" title=\"Maman(s) Poster\"\/><\/a><\/figure><\/div>\n\n\n\n<p class=\"has-text-align-center\" style=\"font-size:12px\"><em>Offert par la municipalit\u00e9 du Rove<\/em><\/p>\n\n\n\n<hr class=\"wp-block-separator aligncenter has-text-color has-background has-vivid-cyan-blue-background-color has-vivid-cyan-blue-color is-style-default\"\/>\n\n\n\n<p class=\"has-text-align-center has-vivid-red-color has-text-color\"><strong><u>Prix du Jury Jeune<\/u><\/strong><\/p>\n\n\n\n<p class=\"has-text-align-center\">d\u00e9cern\u00e9 \u00e0 Arthur <strong>M\u00d4LARD<\/strong> (France)<br>r\u00e9alisateur de<\/p>\n\n\n\n<p class=\"has-text-align-center has-vivid-purple-color has-text-color\"><a rel=\"noreferrer noopener\" href=\"https:\/\/www.imdb.com\/title\/tt2853712\/\" target=\"_blank\">\u00ab\u00a0<\/a><strong><a href=\"https:\/\/www.imdb.com\/title\/tt3318758\/\" target=\"_blank\" rel=\"noreferrer noopener\">JIMINY<\/a><\/strong><a rel=\"noreferrer noopener\" href=\"https:\/\/www.imdb.com\/title\/tt2853712\/\" target=\"_blank\">\u00ab\u00a0<\/a><\/p>\n\n\n\n<div class=\"wp-block-image is-style-default\"><figure class=\"aligncenter\"><a href=\"https:\/\/www.imdb.com\/title\/tt3318758\/\" target=\"_blank\" rel=\"noopener\"><img decoding=\"async\" src=\"https:\/\/m.media-amazon.com\/images\/M\/MV5BYmMzZWI0M2UtYzc0YS00YTA1LTkxZTgtOGU4MTA3YzVlMzA3XkEyXkFqcGdeQXVyNTQzNDQyNTE@._V1_UY268_CR3,0,182,268_AL_.jpg\" alt=\"Jiminy Poster\" title=\"Jiminy Poster\"\/><\/a><\/figure><\/div>\n\n\n\n<p class=\"has-text-align-center\" style=\"font-size:12px\"><em>Offert par Rotary Club de la C\u00f4te Bleue <\/em><\/p>\n\n\n\n<hr class=\"wp-block-separator aligncenter has-text-color has-background has-vivid-cyan-blue-background-color has-vivid-cyan-blue-color is-style-default\"\/>\n\n\n\n<p class=\"has-text-align-center has-vivid-red-color has-text-color\"><strong><u>Prix de l&rsquo;Avenir<\/u><\/strong><\/p>\n\n\n\n<p class=\"has-text-align-center\">d\u00e9cern\u00e9 \u00e0 Eric <strong>LAMHENE<\/strong> (Luxembourg)<br>r\u00e9alisateur de<\/p>\n\n\n\n<p class=\"has-text-align-center has-vivid-purple-color has-text-color\"><a rel=\"noreferrer noopener\" href=\"https:\/\/www.imdb.com\/title\/tt2917262\/\" target=\"_blank\">\u00ab\u00a0<\/a><strong><a href=\"http:\/\/www.originefilms.fr\/cinema\/distribution\/catalogue\/article\/serena-330\" target=\"_blank\" rel=\"noreferrer noopener\">SERENA<\/a><\/strong><a rel=\"noreferrer noopener\" href=\"https:\/\/www.imdb.com\/title\/tt2917262\/\" target=\"_blank\">\u00ab\u00a0<\/a><\/p>\n\n\n\n<p class=\"has-text-align-center\" style=\"font-size:12px\"><em>\u00a0 Offert par le Lions Club de la C\u00f4te Bleue<\/em><\/p>\n\n\n\n<hr class=\"wp-block-separator aligncenter has-text-color has-background has-vivid-cyan-blue-background-color has-vivid-cyan-blue-color is-style-default\"\/>\n\n\n\n<p class=\"has-text-align-center has-vivid-red-color has-text-color\"><strong><u>Prix du Vote du Public<\/u><\/strong><\/p>\n\n\n\n<p class=\"has-text-align-center\">d\u00e9cern\u00e9 \u00e0 Igor <strong>D\u00c9US <\/strong>(France)<br>r\u00e9alisateur de<\/p>\n\n\n\n<p class=\"has-text-align-center has-vivid-purple-color has-text-color\">\u00ab\u00a0<strong>DANS L\u2019ENCRE DU LOUP<\/strong>\u00ab\u00a0<\/p>\n\n\n\n<p class=\"has-text-align-center\" style=\"font-size:12px\"><em>Offert par la municipalit\u00e9 de Carry-le-Rouet<\/em><\/p>\n\n\n\n<hr class=\"wp-block-separator aligncenter has-text-color has-background has-vivid-cyan-blue-background-color has-vivid-cyan-blue-color is-style-default\"\/>\n\n\n\n<p class=\"has-text-align-center has-vivid-red-color has-text-color\"><strong><u>Prix des Coll\u00e9giens<\/u><\/strong><\/p>\n\n\n\n<p class=\"has-text-align-center\">d\u00e9cern\u00e9 \u00e0 Benjamin <strong>BOUHANA<\/strong> (France)<br>r\u00e9alisateur de<\/p>\n\n\n\n<p class=\"has-text-align-center has-vivid-purple-color has-text-color\"><a rel=\"noreferrer noopener\" href=\"https:\/\/www.imdb.com\/title\/tt4399564\/\" target=\"_blank\">\u00ab\u00a0<strong>QUI DE NOUS DEUX<\/strong>\u00ab\u00a0<\/a><\/p>\n\n\n\n<div class=\"wp-block-image is-style-default\"><figure class=\"aligncenter\"><a href=\"https:\/\/www.imdb.com\/title\/tt4399564\/\" target=\"_blank\" rel=\"noopener\"><img decoding=\"async\" src=\"https:\/\/m.media-amazon.com\/images\/M\/MV5BN2FhZDAwYzMtYzQwMi00Yjk1LTlkMmYtYWE0M2UyZDViZDIzXkEyXkFqcGdeQXVyNTM3MDMyMDQ@._V1_UY268_CR9,0,182,268_AL_.jpg\" alt=\"Qui de nous deux Poster\" title=\"Qui de nous deux Poster\"\/><\/a><\/figure><\/div>\n\n\n\n<p class=\"has-text-align-center\" style=\"font-size:12px\"><em>Offert par la municipalit\u00e9 de Ch\u00e2teauneuf-les-Martigues<\/em><\/p>\n\n\n\n<hr class=\"wp-block-separator aligncenter has-text-color has-background has-vivid-cyan-blue-background-color has-vivid-cyan-blue-color is-style-default\"\/>\n\n\n\n<p class=\"has-text-align-center has-vivid-red-color has-text-color\"><strong><u>Mention Sp\u00e9ciale du Jury<\/u><\/strong><\/p>\n\n\n\n<p class=\"has-text-align-center\">d\u00e9cern\u00e9e \u00e0 Francis <strong>LACELLE<\/strong> (Canada)<br>r\u00e9alisateur de<\/p>\n\n\n\n<p class=\"has-text-align-center has-vivid-purple-color has-text-color\"><a href=\"https:\/\/www.francislacelle.com\/la-femme-nue\" target=\"_blank\" rel=\"noreferrer noopener\">\u00ab\u00a0<strong>LA FEMME NUE<\/strong>\u00ab\u00a0<\/a><\/p>\n\n\n\n<hr class=\"wp-block-separator aligncenter has-text-color has-background has-vivid-cyan-blue-background-color has-vivid-cyan-blue-color is-style-default\"\/>\n\n\n\n<p class=\"has-text-align-center has-vivid-red-color has-text-color\"><strong><u>Mention Sp\u00e9ciale du Jury &nbsp;<\/u><\/strong><\/p>\n\n\n\n<p class=\"has-text-align-center\">d\u00e9cern\u00e9e \u00e0 Gabriel <strong>TZAFKA<\/strong> (Danemark)<br>r\u00e9alisateur de<\/p>\n\n\n\n<p class=\"has-text-align-center has-vivid-purple-color has-text-color\"><a rel=\"noreferrer noopener\" href=\"https:\/\/www.allocine.fr\/film\/fichefilm_gen_cfilm=218551.html\" target=\"_blank\">\u00ab\u00a0<\/a><strong><a href=\"https:\/\/www.imdb.com\/title\/tt3642332\/\" target=\"_blank\" rel=\"noreferrer noopener\">S\u00d8MAND<\/a><\/strong><a rel=\"noreferrer noopener\" href=\"https:\/\/www.allocine.fr\/film\/fichefilm_gen_cfilm=218551.html\" target=\"_blank\">\u00ab\u00a0<\/a><\/p>\n\n\n\n<div class=\"wp-block-image is-style-default\"><figure class=\"aligncenter\"><a href=\"https:\/\/www.imdb.com\/title\/tt3642332\/\" target=\"_blank\" rel=\"noopener\"><img decoding=\"async\" src=\"https:\/\/m.media-amazon.com\/images\/M\/MV5BMzU3MTIxNTkwNl5BMl5BanBnXkFtZTgwNzgxMTI3MzE@._V1_UY268_CR3,0,182,268_AL_.jpg\" alt=\"S\u00f8mand Poster\" title=\"S\u00f8mand Poster\"\/><\/a><\/figure><\/div>\n\n\n\n<hr class=\"wp-block-separator aligncenter has-text-color has-background has-vivid-cyan-blue-background-color has-vivid-cyan-blue-color is-style-default\"\/>\n\n\n\n<p class=\"has-text-align-center has-vivid-red-color has-text-color\"><strong><u>Mention Sp\u00e9ciale &nbsp;du Jury Jeune<\/u><\/strong><\/p>\n\n\n\n<p class=\"has-text-align-center\">d\u00e9cern\u00e9e \u00e0 Jean <strong>DECR\u00c9<\/strong> (France)<br>r\u00e9alisateur de<\/p>\n\n\n\n<p class=\"has-text-align-center has-vivid-purple-color has-text-color\">\u00ab\u00a0<strong>NAMELESS<\/strong>\u00ab\u00a0<\/p>\n\n\n\n<p class=\"has-text-align-center has-vivid-red-color has-text-color\"><strong><u>Mention Sp\u00e9ciale &nbsp;du Jury Jeune<\/u><\/strong><\/p>\n\n\n\n<p class=\"has-text-align-center\">d\u00e9cern\u00e9e \u00e0 Jos\u00e9 Antonio <strong>CAMPOS<\/strong> (Espagne)<br>r\u00e9alisateur de<\/p>\n\n\n\n<p class=\"has-text-align-center has-vivid-purple-color has-text-color\">\u00ab\u00a0<strong>JE SUIS PLI\u00c9<\/strong>\u00ab\u00a0<\/p>\n\n\n\n<hr class=\"wp-block-separator aligncenter has-text-color has-background has-vivid-cyan-blue-background-color has-vivid-cyan-blue-color is-style-default\"\/>\n\n\n\n<h2 class=\"has-text-align-center has-vivid-cyan-blue-color has-text-color wp-block-heading\"><strong><u>PALMARES 2015 du film d&rsquo;animation<\/u><\/strong><\/h2>\n\n\n\n<p class=\"has-text-align-center has-vivid-red-color has-text-color\"><strong><u>OURSIN D&rsquo;OR 2015<\/u><\/strong><\/p>\n\n\n\n<p class=\"has-text-align-center\">d\u00e9cern\u00e9 \u00e0 Gabriel <strong>HAREL<\/strong> (France)<br>r\u00e9alisateur de<\/p>\n\n\n\n<p class=\"has-text-align-center has-vivid-purple-color has-text-color\"><a href=\"https:\/\/www.imdb.com\/title\/tt5190294\/\" target=\"_blank\" rel=\"noreferrer noopener\">\u00ab\u00a0<strong>Y\u00d9L ET LE SERPENT<\/strong>\u00ab\u00a0<\/a><\/p>\n\n\n\n<div class=\"wp-block-image is-style-default\"><figure class=\"aligncenter\"><a href=\"https:\/\/www.imdb.com\/title\/tt5190294\/\" target=\"_blank\" rel=\"noopener\"><img decoding=\"async\" src=\"https:\/\/m.media-amazon.com\/images\/M\/MV5BYTA3YzM3MjMtZjEzOS00YzAzLThlNDgtNDcyNTY5NjJiY2Y2XkEyXkFqcGdeQXVyMjQ4OTk2ODg@._V1_UX182_CR0,0,182,268_AL_.jpg\" alt=\"Yul et le serpent Poster\" title=\"Yul et le serpent Poster\"\/><\/a><\/figure><\/div>\n\n\n\n<p class=\"has-text-align-center\" style=\"font-size:12px\"><em>Offert par la municipalit\u00e9 de Ch\u00e2teauneuf-les-Martigues<\/em><\/p>\n\n\n\n<hr class=\"wp-block-separator aligncenter has-text-color has-background has-vivid-cyan-blue-background-color has-vivid-cyan-blue-color is-style-default\"\/>\n\n\n\n<p class=\"has-text-align-center has-vivid-red-color has-text-color\"><strong><u>PRIX des Jurys<\/u><\/strong><\/p>\n\n\n\n<p class=\"has-text-align-center\">d\u00e9cern\u00e9 \u00e0 Mauro <strong>CARRARO<\/strong> (Suisse)<br>r\u00e9alisateur de<\/p>\n\n\n\n<p class=\"has-text-align-center has-vivid-purple-color has-text-color\">\u00ab\u00a0<strong><a href=\"https:\/\/www.imdb.com\/title\/tt3962328\" target=\"_blank\" rel=\"noreferrer noopener\">AUBADE<\/a><\/strong><a rel=\"noreferrer noopener\" href=\"https:\/\/www.allocine.fr\/film\/fichefilm_gen_cfilm=236637.html\" target=\"_blank\">\u00ab\u00a0<\/a><\/p>\n\n\n\n<p class=\"has-text-align-center\" style=\"font-size:12px\"><em>Offert par la municipalit\u00e9 Sausset-les-Pins<\/em><\/p>\n\n\n\n<hr class=\"wp-block-separator aligncenter has-text-color has-background has-vivid-cyan-blue-background-color has-vivid-cyan-blue-color is-style-default\"\/>\n\n\n\n<p class=\"has-text-align-center has-vivid-red-color has-text-color\"><strong><u>MENTION SP\u00c9CIALE des Jurys<\/u><\/strong><\/p>\n\n\n\n<p class=\"has-text-align-center\">d\u00e9cern\u00e9e \u00e0 Marina <strong>MOSHKOVA<\/strong> (Russie)<br>r\u00e9alisatrice de<\/p>\n\n\n\n<p class=\"has-text-align-center has-vivid-purple-color has-text-color\"><a rel=\"noreferrer noopener\" href=\"https:\/\/www.allocine.fr\/film\/fichefilm_gen_cfilm=216414.html\" target=\"_blank\">\u00ab\u00a0<\/a><strong><a href=\"https:\/\/www.imdb.com\/title\/tt4880576\" target=\"_blank\" rel=\"noreferrer noopener\">H RECHERCHE F<\/a><\/strong><a rel=\"noreferrer noopener\" href=\"https:\/\/www.allocine.fr\/film\/fichefilm_gen_cfilm=216414.html\" target=\"_blank\">\u00ab\u00a0<\/a><\/p>\n\n\n\n<div class=\"wp-block-image is-style-default\"><figure class=\"aligncenter\"><a href=\"https:\/\/www.imdb.com\/title\/tt4399564\/\" target=\"_blank\" rel=\"noopener\"><img decoding=\"async\" src=\"https:\/\/m.media-amazon.com\/images\/M\/MV5BNGEzMTI4OTktNTBmNi00ODQ1LWE2NjUtZTcwNmNmYTRhOGRmXkEyXkFqcGdeQXVyMjM5Nzg3NDQ@._V1_UY268_CR4,0,182,268_AL_.jpg\" alt=\"H recherche F Poster\" title=\"H recherche F Poster\"\/><\/a><\/figure><\/div>\n\n\n\n<hr class=\"wp-block-separator aligncenter has-text-color has-background has-vivid-cyan-blue-background-color has-vivid-cyan-blue-color is-style-default\"\/>\n\n\n\n<p class=\"has-text-align-center has-vivid-red-color has-text-color\"><strong><u>MENTION SPECIALE des Jurys<\/u><\/strong><\/p>\n\n\n\n<p class=\"has-text-align-center\">d\u00e9cern\u00e9e \u00e0 Marjolaine <strong>PINEL<\/strong> (France)<br>r\u00e9alisatrice de<\/p>\n\n\n\n<p class=\"has-text-align-center has-vivid-purple-color has-text-color\">\u00ab\u00a0<strong>FAIT DIVERS\u00a0\u00bb<\/strong><\/p>\n","protected":false},"excerpt":{"rendered":"<p>OURSIN D&rsquo;OR 2015 d\u00e9cern\u00e9 \u00e0 Wim GEUDENS et Thomas BAERTEN (Belgique)r\u00e9alisateurs de \u00ab\u00a0DE SMET\u00ab\u00a0 \u00a0 \u00a0Offert par la municipalit\u00e9 de<\/p>\n","protected":false},"author":1,"featured_media":0,"parent":0,"menu_order":0,"comment_status":"closed","ping_status":"closed","template":"","meta":{"colormag_page_container_layout":"default_layout","colormag_page_sidebar_layout":"default_layout","footnotes":""},"class_list":["post-373","page","type-page","status-publish","hentry"],"_links":{"self":[{"href":"https:\/\/www.festi-courts-cote-bleue.fr\/index.php?rest_route=\/wp\/v2\/pages\/373","targetHints":{"allow":["GET"]}}],"collection":[{"href":"https:\/\/www.festi-courts-cote-bleue.fr\/index.php?rest_route=\/wp\/v2\/pages"}],"about":[{"href":"https:\/\/www.festi-courts-cote-bleue.fr\/index.php?rest_route=\/wp\/v2\/types\/page"}],"author":[{"embeddable":true,"href":"https:\/\/www.festi-courts-cote-bleue.fr\/index.php?rest_route=\/wp\/v2\/users\/1"}],"replies":[{"embeddable":true,"href":"https:\/\/www.festi-courts-cote-bleue.fr\/index.php?rest_route=%2Fwp%2Fv2%2Fcomments&post=373"}],"version-history":[{"count":26,"href":"https:\/\/www.festi-courts-cote-bleue.fr\/index.php?rest_route=\/wp\/v2\/pages\/373\/revisions"}],"predecessor-version":[{"id":435,"href":"https:\/\/www.festi-courts-cote-bleue.fr\/index.php?rest_route=\/wp\/v2\/pages\/373\/revisions\/435"}],"wp:attachment":[{"href":"https:\/\/www.festi-courts-cote-bleue.fr\/index.php?rest_route=%2Fwp%2Fv2%2Fmedia&parent=373"}],"curies":[{"name":"wp","href":"https:\/\/api.w.org\/{rel}","templated":true}]}}