{"id":401,"date":"2021-04-27T19:19:06","date_gmt":"2021-04-27T19:19:06","guid":{"rendered":"https:\/\/www.festi-courts-cote-bleue.fr\/?page_id=401"},"modified":"2021-04-27T19:36:41","modified_gmt":"2021-04-27T19:36:41","slug":"palmares-2017-du-film-de-fiction","status":"publish","type":"page","link":"https:\/\/www.festi-courts-cote-bleue.fr\/?page_id=401","title":{"rendered":"Palmar\u00e8s 2017 du film de fiction"},"content":{"rendered":"\n<p class=\"has-text-align-center has-vivid-red-color has-text-color\"><strong><u>OURSIN D&rsquo;OR 2017<\/u><\/strong><\/p>\n\n\n\n<p class=\"has-text-align-center\">d\u00e9cern\u00e9 \u00e0 Lewis <strong>ROSE  <\/strong>(France\/Angleterre)<br>r\u00e9alisateur de <\/p>\n\n\n\n<p class=\"has-text-align-center has-vivid-purple-color has-text-color\"><a href=\"https:\/\/www.imdb.com\/title\/tt5100302\/\" target=\"_blank\" rel=\"noreferrer noopener\">\u00ab\u00a0<strong>The Chop<\/strong>\u00ab\u00a0<\/a><\/p>\n\n\n\n<div class=\"wp-block-image is-style-default\"><figure class=\"aligncenter\"><a href=\"https:\/\/www.imdb.com\/title\/tt5100302\/\" target=\"_blank\" rel=\"noopener\"><img decoding=\"async\" src=\"https:\/\/m.media-amazon.com\/images\/M\/MV5BZjk3ZDE5ZmMtNzAxZS00NzY2LWFhMmItZmQwMGI5ZGNlYWE3XkEyXkFqcGdeQXVyMjcxNDU2NDI@._V1_UX182_CR0,0,182,268_AL_.jpg\" alt=\"The Chop Poster\" title=\"The Chop Poster\"\/><\/a><\/figure><\/div>\n\n\n\n<p class=\"has-text-align-center\" style=\"font-size:12px\"><em>Offert par la municipalit\u00e9 de Carry-le-Rouet<\/em><\/p>\n\n\n\n<hr class=\"wp-block-separator aligncenter has-text-color has-background has-vivid-cyan-blue-background-color has-vivid-cyan-blue-color is-style-default\"\/>\n\n\n\n<p class=\"has-text-align-center has-vivid-red-color has-text-color\"><strong><u>Prix du Jury<\/u><\/strong><\/p>\n\n\n\n<p class=\"has-text-align-center\">&nbsp;&nbsp;&nbsp;&nbsp;&nbsp;&nbsp; d\u00e9cern\u00e9 \u00e0 Gonzaga <strong>MANSO<\/strong> (Espagne)<br>&nbsp;r\u00e9alisateur de <\/p>\n\n\n\n<p class=\"has-text-align-center has-vivid-purple-color has-text-color\"><a href=\"https:\/\/www.imdb.com\/title\/tt5777660\/\" target=\"_blank\" rel=\"noreferrer noopener\">\u00ab\u00a0<strong>Hostal Eden<\/strong>\u00ab\u00a0<\/a><\/p>\n\n\n\n<div class=\"wp-block-image is-style-default\"><figure class=\"aligncenter\"><a href=\"https:\/\/www.imdb.com\/title\/tt5777660\/\" target=\"_blank\" rel=\"noopener\"><img decoding=\"async\" src=\"https:\/\/m.media-amazon.com\/images\/M\/MV5BOGNiMmJjOTAtZTgzZC00NmEyLWFjMGYtZGEyMjhjNDRmNTk5XkEyXkFqcGdeQXVyNjc0NjgwMjA@._V1_UY268_CR4,0,182,268_AL_.jpg\" alt=\"Hostal Ed\u00e9n Poster\" title=\"Hostal Ed\u00e9n Poster\"\/><\/a><\/figure><\/div>\n\n\n\n<p class=\"has-text-align-center\" style=\"font-size:12px\"><em>Offert par l&rsquo;association<\/em><\/p>\n\n\n\n<hr class=\"wp-block-separator aligncenter has-text-color has-background has-vivid-cyan-blue-background-color has-vivid-cyan-blue-color is-style-default\"\/>\n\n\n\n<p class=\"has-text-align-center has-vivid-red-color has-text-color\"><strong><u>Prix du Jury Jeune<\/u><\/strong><\/p>\n\n\n\n<p class=\"has-text-align-center\">d\u00e9cern\u00e9 \u00e0 Tim <strong>ELLRICH<\/strong> (Allemagne)<br>r\u00e9alisateur de<\/p>\n\n\n\n<p class=\"has-text-align-center has-vivid-purple-color has-text-color\"><a rel=\"noreferrer noopener\" href=\"https:\/\/www.imdb.com\/title\/tt2853712\/\" target=\"_blank\">\u00ab\u00a0<\/a><strong><a rel=\"noreferrer noopener\" href=\"https:\/\/www.imdb.com\/title\/tt3318758\/\" target=\"_blank\">Die <\/a><a href=\"https:\/\/www.imdb.com\/title\/tt4663912\/\" target=\"_blank\" rel=\"noreferrer noopener\">Badewanne<\/a><\/strong><a rel=\"noreferrer noopener\" href=\"https:\/\/www.imdb.com\/title\/tt2853712\/\" target=\"_blank\">\u00ab\u00a0<\/a><\/p>\n\n\n\n<div class=\"wp-block-image is-style-default\"><figure class=\"aligncenter\"><a href=\"https:\/\/www.imdb.com\/title\/tt4663912\/\" target=\"_blank\" rel=\"noopener\"><img decoding=\"async\" src=\"https:\/\/m.media-amazon.com\/images\/M\/MV5BNzAyZGNkZDktODZiOC00Njg5LTlmN2ItMmJjMDBlNzM2YmYzXkEyXkFqcGdeQXVyNTI5NjIyMw@@._V1_UY268_CR43,0,182,268_AL_.jpg\" alt=\"Die Badewanne Poster\" title=\"Die Badewanne Poster\"\/><\/a><\/figure><\/div>\n\n\n\n<p class=\"has-text-align-center\" style=\"font-size:12px\"><em>Offert par le Rotary Club de la C\u00f4te Bleue <\/em><\/p>\n\n\n\n<hr class=\"wp-block-separator aligncenter has-text-color has-background has-vivid-cyan-blue-background-color has-vivid-cyan-blue-color is-style-default\"\/>\n\n\n\n<p class=\"has-text-align-center has-vivid-red-color has-text-color\"><strong><u>Prix de l&rsquo;Avenir<\/u><\/strong><\/p>\n\n\n\n<p class=\"has-text-align-center\">d\u00e9cern\u00e9 \u00e0 Olga <strong>LOROTKO<\/strong> (Kazakhstan)<br>r\u00e9alisatrice de<\/p>\n\n\n\n<p class=\"has-text-align-center has-vivid-purple-color has-text-color\"><a rel=\"noreferrer noopener\" href=\"https:\/\/www.imdb.com\/title\/tt2917262\/\" target=\"_blank\">\u00ab\u00a0<\/a><strong><a href=\"https:\/\/www.imdb.com\/title\/tt5686914\/\" target=\"_blank\" rel=\"noreferrer noopener\">Green Shoes<\/a><\/strong><a rel=\"noreferrer noopener\" href=\"https:\/\/www.imdb.com\/title\/tt2917262\/\" target=\"_blank\">\u00ab\u00a0<\/a><\/p>\n\n\n\n<div class=\"wp-block-image is-style-default\"><figure class=\"aligncenter\"><a href=\"https:\/\/www.imdb.com\/title\/tt5686914\/\" target=\"_blank\" rel=\"noopener\"><img decoding=\"async\" src=\"https:\/\/m.media-amazon.com\/images\/M\/MV5BMGEwMzhiODAtODhjOC00MTFiLTk0ZWMtYzg3NTIyZDhkOWNiXkEyXkFqcGdeQXVyMjUzNzU5MTg@._V1_UX182_CR0,0,182,268_AL_.jpg\" alt=\"Green Shoes Poster\" title=\"Green Shoes Poster\"\/><\/a><\/figure><\/div>\n\n\n\n<p class=\"has-text-align-center\" style=\"font-size:12px\"><em>Offert par le Lions Club de la C\u00f4te Bleue<\/em><\/p>\n\n\n\n<hr class=\"wp-block-separator aligncenter has-text-color has-background has-vivid-cyan-blue-background-color has-vivid-cyan-blue-color is-style-default\"\/>\n\n\n\n<p class=\"has-text-align-center has-vivid-red-color has-text-color\"><strong><u>Prix du Vote du Public<\/u><\/strong><\/p>\n\n\n\n<p class=\"has-text-align-center\">d\u00e9cern\u00e9 \u00e0 Michael <strong>GRUDSKY <\/strong>(Allemagne\/Isra\u00ebl)<br>r\u00e9alisateur de<\/p>\n\n\n\n<p class=\"has-text-align-center has-vivid-purple-color has-text-color\">\u00ab\u00a0<strong><a href=\"https:\/\/www.imdb.com\/title\/tt6340250\/\" target=\"_blank\" rel=\"noreferrer noopener\">The Transfer<\/a><\/strong>\u00ab\u00a0<\/p>\n\n\n\n<div class=\"wp-block-image is-style-default\"><figure class=\"aligncenter\"><a href=\"https:\/\/www.imdb.com\/title\/tt6340250\/\" target=\"_blank\" rel=\"noopener\"><img decoding=\"async\" src=\"https:\/\/m.media-amazon.com\/images\/M\/MV5BNDI3NWEzNjYtNTY1Mi00MTFhLWFkYWItOTNjMTBhNWRkNGRkXkEyXkFqcGdeQXVyNjc2MzcyOTg@._V1_UY268_CR4,0,182,268_AL_.jpg\" alt=\"The Transfer Poster\" title=\"The Transfer Poster\"\/><\/a><\/figure><\/div>\n\n\n\n<p class=\"has-text-align-center\" style=\"font-size:12px\"><em>Offert par l&rsquo;association<\/em><\/p>\n\n\n\n<hr class=\"wp-block-separator aligncenter has-text-color has-background has-vivid-cyan-blue-background-color has-vivid-cyan-blue-color is-style-default\"\/>\n\n\n\n<p class=\"has-text-align-center has-vivid-red-color has-text-color\"><strong><u>Prix des Coll\u00e9giens<\/u><\/strong><\/p>\n\n\n\n<p class=\"has-text-align-center\">d\u00e9cern\u00e9 \u00e0 Martin <strong>DARONDEAU<\/strong> (France)<br>r\u00e9alisateur de<\/p>\n\n\n\n<p class=\"has-text-align-center has-vivid-purple-color has-text-color\"><a rel=\"noreferrer noopener\" href=\"https:\/\/www.imdb.com\/title\/tt4399564\/\" target=\"_blank\">\u00ab\u00a0<\/a><strong><a href=\"https:\/\/www.imdb.com\/title\/tt8769634\/\" target=\"_blank\" rel=\"noreferrer noopener\">Troc Mort<\/a><\/strong><a rel=\"noreferrer noopener\" href=\"https:\/\/www.imdb.com\/title\/tt4399564\/\" target=\"_blank\">\u00ab\u00a0<\/a><\/p>\n\n\n\n<div class=\"wp-block-image is-style-default\"><figure class=\"aligncenter\"><a href=\"https:\/\/www.imdb.com\/title\/tt8769634\/\" target=\"_blank\" rel=\"noopener\"><img decoding=\"async\" src=\"https:\/\/m.media-amazon.com\/images\/M\/MV5BZjkzOGIwMDItN2NkZi00NjVhLWEwYTUtYTYxMjI5YTlkMzYxXkEyXkFqcGdeQXVyMTU1ODE5Nzg@._V1_UY268_CR4,0,182,268_AL_.jpg\" alt=\"Troc Mort Poster\" title=\"Troc Mort Poster\"\/><\/a><\/figure><\/div>\n\n\n\n<p class=\"has-text-align-center\" style=\"font-size:12px\"><em>Offert par la municipalit\u00e9 de Sausset les Pins<\/em><\/p>\n\n\n\n<hr class=\"wp-block-separator aligncenter has-text-color has-background has-vivid-cyan-blue-background-color has-vivid-cyan-blue-color is-style-default\"\/>\n\n\n\n<p class=\"has-text-align-center has-vivid-red-color has-text-color\"><strong><u>Mention Sp\u00e9ciale du Jury<\/u><\/strong><\/p>\n\n\n\n<p class=\"has-text-align-center\">d\u00e9cern\u00e9e \u00e0 Djinda <strong>KANE<\/strong> (France)<br>r\u00e9alisateur de<\/p>\n\n\n\n<p class=\"has-text-align-center has-vivid-purple-color has-text-color\"><a href=\"https:\/\/www.imdb.com\/title\/tt6897378\/\" target=\"_blank\" rel=\"noreferrer noopener\">\u00ab\u00a0<strong>The Gas Station<\/strong>\u00ab\u00a0<\/a><\/p>\n\n\n\n<div class=\"wp-block-image is-style-default\"><figure class=\"aligncenter\"><a href=\"https:\/\/www.imdb.com\/title\/tt6897378\/\" target=\"_blank\" rel=\"noopener\"><img decoding=\"async\" src=\"https:\/\/m.media-amazon.com\/images\/M\/MV5BY2JlMDcwODQtYTFkNy00YTAxLTlkMTgtZjVmMjM1YmU4MTAxXkEyXkFqcGdeQXVyNTI4Nzc5NDg@._V1_UY268_CR13,0,182,268_AL_.jpg\" alt=\"The Gas Station Poster\" title=\"The Gas Station Poster\"\/><\/a><\/figure><\/div>\n\n\n\n<hr class=\"wp-block-separator aligncenter has-text-color has-background has-vivid-cyan-blue-background-color has-vivid-cyan-blue-color is-style-default\"\/>\n\n\n\n<p class=\"has-text-align-center has-vivid-red-color has-text-color\"><strong><u>Mention Sp\u00e9ciale du Jury &nbsp;<\/u><\/strong><\/p>\n\n\n\n<p class=\"has-text-align-center\">d\u00e9cern\u00e9e \u00e0 Wilfried <strong>M\u00c9ANCE<\/strong> (France)<br>r\u00e9alisateur de<\/p>\n\n\n\n<p class=\"has-text-align-center has-vivid-purple-color has-text-color\"><a rel=\"noreferrer noopener\" href=\"https:\/\/www.allocine.fr\/film\/fichefilm_gen_cfilm=218551.html\" target=\"_blank\">\u00ab\u00a0<\/a><strong><a href=\"https:\/\/www.unifrance.org\/film\/43376\/caramel-mou\" target=\"_blank\" rel=\"noreferrer noopener\">Caramel mou<\/a><\/strong><a rel=\"noreferrer noopener\" href=\"https:\/\/www.allocine.fr\/film\/fichefilm_gen_cfilm=218551.html\" target=\"_blank\">\u00ab\u00a0<\/a><\/p>\n\n\n\n<hr class=\"wp-block-separator aligncenter has-text-color has-background has-vivid-cyan-blue-background-color has-vivid-cyan-blue-color is-style-default\"\/>\n\n\n\n<p class=\"has-text-align-center has-vivid-red-color has-text-color\"><strong><u>Mention Sp\u00e9ciale du Jury Jeune &nbsp;<\/u><\/strong><\/p>\n\n\n\n<p class=\"has-text-align-center\">d\u00e9cern\u00e9e \u00e0 R\u00e9my <strong>RONDEAU<\/strong> (France)<br>r\u00e9alisateur de<\/p>\n\n\n\n<p class=\"has-text-align-center has-vivid-purple-color has-text-color\"><a rel=\"noreferrer noopener\" href=\"https:\/\/www.allocine.fr\/film\/fichefilm_gen_cfilm=218551.html\" target=\"_blank\">\u00ab\u00a0<\/a><strong><a href=\"https:\/\/www.imdb.com\/title\/tt5514370\/\" target=\"_blank\" rel=\"noreferrer noopener\">Le Recolleur de feuilles<\/a><\/strong><a rel=\"noreferrer noopener\" href=\"https:\/\/www.allocine.fr\/film\/fichefilm_gen_cfilm=218551.html\" target=\"_blank\">\u00ab\u00a0<\/a><\/p>\n\n\n\n<div class=\"wp-block-image is-style-default\"><figure class=\"aligncenter\"><a href=\"https:\/\/www.imdb.com\/title\/tt5514370\/\" target=\"_blank\" rel=\"noopener\"><img decoding=\"async\" src=\"https:\/\/m.media-amazon.com\/images\/M\/MV5BODY0ZjhkOTYtNjVmMi00MjAxLWFiNzMtYTNmYzQ3MjVjZGQ4L2ltYWdlL2ltYWdlXkEyXkFqcGdeQXVyNDE3MjAwNjk@._V1_UY268_CR4,0,182,268_AL_.jpg\" alt=\"Le recolleur de feuilles Poster\" title=\"Le recolleur de feuilles Poster\"\/><\/a><\/figure><\/div>\n\n\n\n<hr class=\"wp-block-separator aligncenter has-text-color has-background has-vivid-cyan-blue-background-color has-vivid-cyan-blue-color is-style-default\"\/>\n\n\n\n<p class=\"has-text-align-center has-vivid-red-color has-text-color\"><strong><u>Mention Sp\u00e9ciale &nbsp;du Jury Jeune<\/u><\/strong><\/p>\n\n\n\n<p class=\"has-text-align-center\">d\u00e9cern\u00e9e \u00e0 dania <strong>BDEIR<\/strong> (Liban)<br>r\u00e9alisatrice de<\/p>\n\n\n\n<p class=\"has-text-align-center has-vivid-purple-color has-text-color\">\u00ab\u00a0<strong><a href=\"https:\/\/www.imdb.com\/title\/tt5791402\/\">In White<\/a><\/strong>\u00ab\u00a0<\/p>\n\n\n\n<div class=\"wp-block-image is-style-default\"><figure class=\"aligncenter\"><a href=\"https:\/\/www.imdb.com\/title\/tt5791402\/\" target=\"_blank\" rel=\"noopener\"><img decoding=\"async\" src=\"https:\/\/m.media-amazon.com\/images\/M\/MV5BMzg1YzViZjItMzVjZC00OWExLWI0MjktNjA5MjE4NjhjODYxXkEyXkFqcGdeQXVyNDQ5ODEzMjU@._V1_UX182_CR0,0,182,268_AL_.jpg\" alt=\"In White Poster\" title=\"In White Poster\"\/><\/a><\/figure><\/div>\n\n\n\n<hr class=\"wp-block-separator aligncenter has-text-color has-background has-vivid-cyan-blue-background-color has-vivid-cyan-blue-color is-style-default\"\/>\n\n\n\n<p class=\"has-text-align-center has-vivid-red-color has-text-color\"><strong><u>Mention Sp\u00e9ciale &nbsp;du Jury Jeune<\/u><\/strong><\/p>\n\n\n\n<p class=\"has-text-align-center\">d\u00e9cern\u00e9e \u00e0 Uriel <strong>JAOUEN ZREHEN<\/strong> (France)<br>r\u00e9alisateur de<\/p>\n\n\n\n<p class=\"has-text-align-center has-vivid-purple-color has-text-color\">\u00ab\u00a0<strong><a href=\"https:\/\/www.imdb.com\/title\/tt6481432\/\" target=\"_blank\" rel=\"noreferrer noopener\">Mon homme<\/a><\/strong>\u00ab\u00a0<\/p>\n\n\n\n<div class=\"wp-block-image is-style-default\"><figure class=\"aligncenter\"><a href=\"https:\/\/www.imdb.com\/title\/tt6481432\/\" target=\"_blank\" rel=\"noopener\"><img decoding=\"async\" src=\"https:\/\/m.media-amazon.com\/images\/M\/MV5BMjZjN2MzMjMtMWM4Mi00NmNmLTlhM2QtYWI4ZTE5MjRhMjEyL2ltYWdlXkEyXkFqcGdeQXVyNjUwMjQ2OTc@._V1_UX182_CR0,0,182,268_AL_.jpg\" alt=\"Mon Homme Poster\" title=\"Mon Homme Poster\"\/><\/a><\/figure><\/div>\n\n\n\n<hr class=\"wp-block-separator aligncenter has-text-color has-background has-vivid-cyan-blue-background-color has-vivid-cyan-blue-color is-style-default\"\/>\n\n\n\n<h2 class=\"has-text-align-center has-vivid-cyan-blue-color has-text-color wp-block-heading\"><strong><u>PALMARES 2017 du film d&rsquo;animation<\/u><\/strong><\/h2>\n\n\n\n<p class=\"has-text-align-center has-vivid-red-color has-text-color\"><strong><u>OURSIN D&rsquo;OR 2017<\/u><\/strong><\/p>\n\n\n\n<p class=\"has-text-align-center\">d\u00e9cern\u00e9 \u00e0 Th\u00e9ophile <strong>DUFRESNE<\/strong>, Florian <strong>BABIKIAN<\/strong>, Gabriel <strong>GRAPPERON<\/strong><br>Lucas <strong>NAVARRO<\/strong>, Vincent <strong>BAYOUX<\/strong>, Victor <strong>CAIRE <\/strong>(France)<br>r\u00e9alisateurs de<\/p>\n\n\n\n<p class=\"has-text-align-center has-vivid-purple-color has-text-color\"><a rel=\"noreferrer noopener\" href=\"https:\/\/www.imdb.com\/title\/tt5190294\/\" target=\"_blank\">\u00ab\u00a0<\/a><strong><a href=\"https:\/\/www.imdb.com\/title\/tt6426140\/\" target=\"_blank\" rel=\"noreferrer noopener\">Garden Party<\/a><\/strong><a rel=\"noreferrer noopener\" href=\"https:\/\/www.imdb.com\/title\/tt5190294\/\" target=\"_blank\">\u00ab\u00a0<\/a><\/p>\n\n\n\n<div class=\"wp-block-image is-style-default\"><figure class=\"aligncenter\"><a href=\"https:\/\/www.imdb.com\/title\/tt6426140\/\" target=\"_blank\" rel=\"noopener\"><img decoding=\"async\" src=\"https:\/\/m.media-amazon.com\/images\/M\/MV5BNGY4ZGQzNmMtYWJiYy00ZDZiLTk2NTItYzJlYWE4OGY4YmZhXkEyXkFqcGdeQXVyNzcwNDQ5NzE@._V1_UY268_CR8,0,182,268_AL_.jpg\" alt=\"Garden Party Poster\" title=\"Garden Party Poster\"\/><\/a><\/figure><\/div>\n\n\n\n<p class=\"has-text-align-center\" style=\"font-size:12px\"><em>Offert par la municipalit\u00e9 du Rove<\/em><\/p>\n\n\n\n<hr class=\"wp-block-separator aligncenter has-text-color has-background has-vivid-cyan-blue-background-color has-vivid-cyan-blue-color is-style-default\"\/>\n\n\n\n<p class=\"has-text-align-center has-vivid-red-color has-text-color\"><strong><u>PRIX des Jurys<\/u><\/strong><\/p>\n\n\n\n<p class=\"has-text-align-center\">d\u00e9cern\u00e9 \u00e0 Lucr\u00e8ce <strong>ANDREARE<\/strong> (France)<br>r\u00e9alisateur de<\/p>\n\n\n\n<p class=\"has-text-align-center has-vivid-purple-color has-text-color\">\u00ab\u00a0<strong><a rel=\"noreferrer noopener\" href=\"https:\/\/www.imdb.com\/title\/tt3962328\" target=\"_blank\">P\u00e9p\u00e9 le morse<\/a><\/strong><a href=\"https:\/\/www.imdb.com\/title\/tt7057890\/\" target=\"_blank\" rel=\"noreferrer noopener\">\u00ab\u00a0<\/a><\/p>\n\n\n\n<div class=\"wp-block-image is-style-default\"><figure class=\"aligncenter\"><a href=\"https:\/\/www.imdb.com\/title\/tt7057890\/\" target=\"_blank\" rel=\"noopener\"><img decoding=\"async\" src=\"https:\/\/m.media-amazon.com\/images\/M\/MV5BYWVhNDJlZWQtN2E2Mi00ZTg4LTliN2MtMTcyOGMyZDcyODNkXkEyXkFqcGdeQXVyMTA2ODMzMDU@._V1_UY268_CR3,0,182,268_AL_.jpg\" alt=\"P\u00e9p\u00e9 le morse Poster\" title=\"P\u00e9p\u00e9 le morse Poster\"\/><\/a><\/figure><\/div>\n\n\n\n<p class=\"has-text-align-center\" style=\"font-size:12px\"><em>Offert par la municipalit\u00e9 de Carry Le Rouet<\/em><\/p>\n\n\n\n<hr class=\"wp-block-separator aligncenter has-text-color has-background has-vivid-cyan-blue-background-color has-vivid-cyan-blue-color is-style-default\"\/>\n\n\n\n<p class=\"has-text-align-center has-vivid-red-color has-text-color\"><strong><u>MENTION SP\u00c9CIALE des Jurys<\/u><\/strong><\/p>\n\n\n\n<p class=\"has-text-align-center\">d\u00e9cern\u00e9e \u00e0 Carlos <strong>GOMEZ SALAMANCA<\/strong> (France)<br>r\u00e9alisateur de<\/p>\n\n\n\n<p class=\"has-text-align-center has-vivid-purple-color has-text-color\"><a rel=\"noreferrer noopener\" href=\"https:\/\/www.allocine.fr\/film\/fichefilm_gen_cfilm=216414.html\" target=\"_blank\">\u00ab\u00a0<\/a><strong><a href=\"https:\/\/www.imdb.com\/title\/tt7632986\/\" target=\"_blank\" rel=\"noreferrer noopener\">Lupus<\/a><\/strong><a rel=\"noreferrer noopener\" href=\"https:\/\/www.allocine.fr\/film\/fichefilm_gen_cfilm=216414.html\" target=\"_blank\">\u00ab\u00a0<\/a><\/p>\n\n\n\n<div class=\"wp-block-image is-style-default\"><figure class=\"aligncenter\"><a href=\"https:\/\/www.imdb.com\/title\/tt7632986\/\" target=\"_blank\" rel=\"noopener\"><img decoding=\"async\" src=\"https:\/\/m.media-amazon.com\/images\/M\/MV5BMjQwMDRmZDYtMDQ2ZS00YzZjLWIzODgtZThjYWUxMDkyOTI0XkEyXkFqcGdeQXVyNDQ3Njc3NDE@._V1_UX182_CR0,0,182,268_AL_.jpg\" alt=\"LUPUS Poster\" title=\"LUPUS Poster\"\/><\/a><\/figure><\/div>\n\n\n\n<hr class=\"wp-block-separator aligncenter has-text-color has-background has-vivid-cyan-blue-background-color has-vivid-cyan-blue-color is-style-default\"\/>\n\n\n\n<p class=\"has-text-align-center has-vivid-red-color has-text-color\"><strong><u>MENTION SPECIALE des Jurys<\/u><\/strong><\/p>\n\n\n\n<p class=\"has-text-align-center\">d\u00e9cern\u00e9e \u00e0 Julie <strong>DOUMENJOU<\/strong> (France)<br>r\u00e9alisatrice de<\/p>\n\n\n\n<p class=\"has-text-align-center has-vivid-purple-color has-text-color\">\u00ab\u00a0<strong>Petit flocon\u00a0\u00bb<\/strong><\/p>\n\n\n\n<figure class=\"wp-block-embed is-type-video is-provider-vimeo wp-block-embed-vimeo wp-embed-aspect-16-9 wp-has-aspect-ratio\"><div class=\"wp-block-embed__wrapper\">\n<iframe loading=\"lazy\" title=\"Petit Flocon\" src=\"https:\/\/player.vimeo.com\/video\/182692390?dnt=1&amp;app_id=122963\" width=\"800\" height=\"450\" frameborder=\"0\" allow=\"autoplay; fullscreen; picture-in-picture\" allowfullscreen><\/iframe>\n<\/div><\/figure>\n","protected":false},"excerpt":{"rendered":"<p>OURSIN D&rsquo;OR 2017 d\u00e9cern\u00e9 \u00e0 Lewis ROSE (France\/Angleterre)r\u00e9alisateur de \u00ab\u00a0The Chop\u00ab\u00a0 Offert par la municipalit\u00e9 de Carry-le-Rouet Prix du Jury<\/p>\n","protected":false},"author":1,"featured_media":0,"parent":0,"menu_order":0,"comment_status":"closed","ping_status":"closed","template":"","meta":{"colormag_page_container_layout":"default_layout","colormag_page_sidebar_layout":"default_layout","footnotes":""},"class_list":["post-401","page","type-page","status-publish","hentry"],"_links":{"self":[{"href":"https:\/\/www.festi-courts-cote-bleue.fr\/index.php?rest_route=\/wp\/v2\/pages\/401","targetHints":{"allow":["GET"]}}],"collection":[{"href":"https:\/\/www.festi-courts-cote-bleue.fr\/index.php?rest_route=\/wp\/v2\/pages"}],"about":[{"href":"https:\/\/www.festi-courts-cote-bleue.fr\/index.php?rest_route=\/wp\/v2\/types\/page"}],"author":[{"embeddable":true,"href":"https:\/\/www.festi-courts-cote-bleue.fr\/index.php?rest_route=\/wp\/v2\/users\/1"}],"replies":[{"embeddable":true,"href":"https:\/\/www.festi-courts-cote-bleue.fr\/index.php?rest_route=%2Fwp%2Fv2%2Fcomments&post=401"}],"version-history":[{"count":25,"href":"https:\/\/www.festi-courts-cote-bleue.fr\/index.php?rest_route=\/wp\/v2\/pages\/401\/revisions"}],"predecessor-version":[{"id":437,"href":"https:\/\/www.festi-courts-cote-bleue.fr\/index.php?rest_route=\/wp\/v2\/pages\/401\/revisions\/437"}],"wp:attachment":[{"href":"https:\/\/www.festi-courts-cote-bleue.fr\/index.php?rest_route=%2Fwp%2Fv2%2Fmedia&parent=401"}],"curies":[{"name":"wp","href":"https:\/\/api.w.org\/{rel}","templated":true}]}}